{"id":1651,"date":"2023-01-31T15:07:40","date_gmt":"2023-01-31T15:07:40","guid":{"rendered":"https:\/\/incie.org\/latam\/?page_id=1651"},"modified":"2023-02-01T16:39:48","modified_gmt":"2023-02-01T16:39:48","slug":"diplomado-en-marketing-social-y-diseno-estrategico","status":"publish","type":"page","link":"https:\/\/incie.org\/latam\/business-education\/cursos-tecnicos\/diplomado-en-marketing-social-y-diseno-estrategico\/","title":{"rendered":"Diplomado en Marketing Social y Dise\u00f1o Estrat\u00e9gico"},"content":{"rendered":"\n<div class=\"wp-block-columns is-layout-flex wp-container-core-columns-is-layout-9d6595d7 wp-block-columns-is-layout-flex\">\n<div class=\"wp-block-column is-layout-flow wp-block-column-is-layout-flow\" style=\"flex-basis:20%\">\n<h2 class=\"has-text-align-right wp-block-heading\" style=\"font-style:normal;font-weight:300\">Cursos T\u00e9cnicos Especializados<\/h2>\n\n\n\n<p><a href=\"https:\/\/incie.org\/latam\/business-education\/cursos-tecnicos\/\">\u00ab Ver todos los cursos t\u00e9cnicos<\/a><\/p>\n<\/div>\n\n\n\n<div class=\"wp-block-column is-layout-flow wp-block-column-is-layout-flow\" style=\"flex-basis:55%\">\n<figure class=\"wp-block-image size-full\"><img data-recalc-dims=\"1\" decoding=\"async\" width=\"660\" height=\"200\" loading=\"lazy\" src=\"https:\/\/i0.wp.com\/incie.org\/latam\/wp-content\/uploads\/2023\/01\/marketing-001-01.jpg?resize=660%2C200&#038;ssl=1\" alt=\"\" class=\"wp-image-1652\" srcset=\"https:\/\/i0.wp.com\/incie.org\/latam\/wp-content\/uploads\/2023\/01\/marketing-001-01.jpg?w=660&amp;ssl=1 660w, https:\/\/i0.wp.com\/incie.org\/latam\/wp-content\/uploads\/2023\/01\/marketing-001-01.jpg?resize=300%2C91&amp;ssl=1 300w, https:\/\/i0.wp.com\/incie.org\/latam\/wp-content\/uploads\/2023\/01\/marketing-001-01.jpg?resize=600%2C182&amp;ssl=1 600w\" sizes=\"auto, (max-width: 660px) 100vw, 660px\" \/><\/figure>\n\n\n\n<h1 class=\"wp-block-heading\">Diplomado en Marketing Social y Dise\u00f1o Estrat\u00e9gico<\/h1>\n\n\n\n<p><strong>+ Incluye: <\/strong>Diploma y Certificado<br>+ <strong>Horario:<\/strong> Ma\u00f1ana, tarde, noche y fines de semana.<br><strong>+ Duraci\u00f3n:<\/strong> 6 meses \/ 4 horas clase por semana<br><strong>+ Modalidad: <\/strong>En l\u00ednea, Zoom.<br><\/p>\n\n\n\n<p><strong>Dirigido:<\/strong> Quienes deseen adquirir un trabajo o ya se desenvuelven en el \u00e1rea de Encargados de marketing social y\/o dise\u00f1o publicitario.<\/p>\n\n\n\n<p><strong>Descripci\u00f3n:<\/strong> Diplomado que integra las competencias necesarias para obtener o desarrollarte con eficiencia en un puesto de Encargados de marketing social y\/o dise\u00f1o publicitario.<\/p>\n\n\n\n<p><\/p>\n\n\n\n<p><strong>Contenidos del curso<\/strong><\/p>\n\n\n\n<ol class=\"wp-block-list\">\n<li>M\u00f3dulo I: Marketing I &#8211; Introducci\u00f3n y la actualidad<\/li>\n\n\n\n<li>M\u00f3dulo II: Marketing II \u2013 Marketing Social<\/li>\n\n\n\n<li>M\u00f3dulo III: Estrategias de Marketing y Publicidad<\/li>\n\n\n\n<li>M\u00f3dulo IV: Concepto de Dise\u00f1o y Estrategias Aplicadas<\/li>\n\n\n\n<li>M\u00f3dulo V: Dise\u00f1ando comceptos<\/li>\n\n\n\n<li>M\u00f3dulo VI: Trabajo en equipo: \u00c9tica, valores y manejo de las emociones.<\/li>\n<\/ol>\n\n\n\n<p><strong>Beneficios<\/strong><\/p>\n\n\n\n<ul class=\"wp-block-list\">\n<li>Curso 100% pr\u00e1ctico.<\/li>\n\n\n\n<li>Capacitaci\u00f3n Online &#8211; por ZOOM<\/li>\n\n\n\n<li>Clases grabadas para repetir<\/li>\n\n\n\n<li>Acceso a plataforma por 1 a\u00f1o<\/li>\n\n\n\n<li>Soporte t\u00e9cnico y seguimiento<\/li>\n\n\n\n<li>Certificado con valor internacional<\/li>\n<\/ul>\n\n\n\n<div style=\"height:30px\" aria-hidden=\"true\" class=\"wp-block-spacer\"><\/div>\n\n\n\n<div class=\"wp-block-buttons is-content-justification-center is-layout-flex wp-container-core-buttons-is-layout-16018d1d wp-block-buttons-is-layout-flex\"><\/div>\n<\/div>\n\n\n\n<div class=\"wp-block-column is-layout-flow wp-block-column-is-layout-flow\" style=\"flex-basis:25%\">\n<div class=\"wp-block-buttons is-content-justification-center is-layout-flex wp-container-core-buttons-is-layout-16018d1d wp-block-buttons-is-layout-flex\">\n<div class=\"wp-block-button has-custom-width wp-block-button__width-100\"><a class=\"wp-block-button__link wp-element-button\" href=\"https:\/\/lk.wompi.sv\/rDr5\">Comprar este curso<\/a><\/div>\n\n\n\n<div class=\"wp-block-button has-custom-width wp-block-button__width-100 is-style-outline is-style-outline--1\"><a class=\"wp-block-button__link wp-element-button\" href=\"https:\/\/incie.org\/latam\/chatear-el-salvador\/\">Chatear por WhatsApp \u00bb<\/a><\/div>\n<\/div>\n<\/div>\n<\/div>\n\n\n\n<p><\/p>\n","protected":false},"excerpt":{"rendered":"<p>Cursos T\u00e9cnicos Especializados \u00ab Ver todos los cursos t\u00e9cnicos Diplomado\u2026<\/p>\n","protected":false},"author":1,"featured_media":0,"parent":1239,"menu_order":0,"comment_status":"closed","ping_status":"closed","template":"","meta":{"nf_dc_page":"","om_disable_all_campaigns":false,"footnotes":""},"class_list":["post-1651","page","type-page","status-publish","hentry"],"yoast_head":"<!-- This site is optimized with the Yoast SEO plugin v27.5 - https:\/\/yoast.com\/product\/yoast-seo-wordpress\/ -->\n<title>Diplomado en Marketing Social y Dise\u00f1o Estrat\u00e9gico - Instituto para la competitividad, Innovaci\u00f3n y Desarrollo Empresarial<\/title>\n<meta name=\"robots\" content=\"index, follow, max-snippet:-1, max-image-preview:large, max-video-preview:-1\" \/>\n<link rel=\"canonical\" href=\"https:\/\/incie.org\/latam\/business-education\/cursos-tecnicos\/diplomado-en-marketing-social-y-diseno-estrategico\/\" \/>\n<meta property=\"og:locale\" content=\"es_ES\" \/>\n<meta property=\"og:type\" content=\"article\" \/>\n<meta property=\"og:title\" content=\"Diplomado en Marketing Social y Dise\u00f1o Estrat\u00e9gico - Instituto para la competitividad, Innovaci\u00f3n y Desarrollo Empresarial\" \/>\n<meta property=\"og:description\" content=\"Cursos T\u00e9cnicos Especializados \u00ab Ver todos los cursos t\u00e9cnicos Diplomado\u2026\" \/>\n<meta property=\"og:url\" content=\"https:\/\/incie.org\/latam\/business-education\/cursos-tecnicos\/diplomado-en-marketing-social-y-diseno-estrategico\/\" \/>\n<meta property=\"og:site_name\" content=\"Instituto para la competitividad, Innovaci\u00f3n y Desarrollo Empresarial\" \/>\n<meta property=\"article:modified_time\" content=\"2023-02-01T16:39:48+00:00\" \/>\n<meta property=\"og:image\" content=\"https:\/\/incie.org\/latam\/wp-content\/uploads\/2023\/01\/marketing-001-01.jpg\" \/>\n<meta name=\"twitter:card\" content=\"summary_large_image\" \/>\n<meta name=\"twitter:label1\" content=\"Tiempo de lectura\" \/>\n\t<meta name=\"twitter:data1\" content=\"1 minuto\" \/>\n<script type=\"application\/ld+json\" class=\"yoast-schema-graph\">{\"@context\":\"https:\\\/\\\/schema.org\",\"@graph\":[{\"@type\":\"WebPage\",\"@id\":\"https:\\\/\\\/incie.org\\\/latam\\\/business-education\\\/cursos-tecnicos\\\/diplomado-en-marketing-social-y-diseno-estrategico\\\/\",\"url\":\"https:\\\/\\\/incie.org\\\/latam\\\/business-education\\\/cursos-tecnicos\\\/diplomado-en-marketing-social-y-diseno-estrategico\\\/\",\"name\":\"Diplomado en Marketing Social y Dise\u00f1o Estrat\u00e9gico - Instituto para la competitividad, Innovaci\u00f3n y Desarrollo Empresarial\",\"isPartOf\":{\"@id\":\"https:\\\/\\\/incie.org\\\/latam\\\/#website\"},\"primaryImageOfPage\":{\"@id\":\"https:\\\/\\\/incie.org\\\/latam\\\/business-education\\\/cursos-tecnicos\\\/diplomado-en-marketing-social-y-diseno-estrategico\\\/#primaryimage\"},\"image\":{\"@id\":\"https:\\\/\\\/incie.org\\\/latam\\\/business-education\\\/cursos-tecnicos\\\/diplomado-en-marketing-social-y-diseno-estrategico\\\/#primaryimage\"},\"thumbnailUrl\":\"https:\\\/\\\/incie.org\\\/latam\\\/wp-content\\\/uploads\\\/2023\\\/01\\\/marketing-001-01.jpg\",\"datePublished\":\"2023-01-31T15:07:40+00:00\",\"dateModified\":\"2023-02-01T16:39:48+00:00\",\"breadcrumb\":{\"@id\":\"https:\\\/\\\/incie.org\\\/latam\\\/business-education\\\/cursos-tecnicos\\\/diplomado-en-marketing-social-y-diseno-estrategico\\\/#breadcrumb\"},\"inLanguage\":\"es\",\"potentialAction\":[{\"@type\":\"ReadAction\",\"target\":[\"https:\\\/\\\/incie.org\\\/latam\\\/business-education\\\/cursos-tecnicos\\\/diplomado-en-marketing-social-y-diseno-estrategico\\\/\"]}]},{\"@type\":\"ImageObject\",\"inLanguage\":\"es\",\"@id\":\"https:\\\/\\\/incie.org\\\/latam\\\/business-education\\\/cursos-tecnicos\\\/diplomado-en-marketing-social-y-diseno-estrategico\\\/#primaryimage\",\"url\":\"https:\\\/\\\/i0.wp.com\\\/incie.org\\\/latam\\\/wp-content\\\/uploads\\\/2023\\\/01\\\/marketing-001-01.jpg?fit=660%2C200&ssl=1\",\"contentUrl\":\"https:\\\/\\\/i0.wp.com\\\/incie.org\\\/latam\\\/wp-content\\\/uploads\\\/2023\\\/01\\\/marketing-001-01.jpg?fit=660%2C200&ssl=1\",\"width\":660,\"height\":200},{\"@type\":\"BreadcrumbList\",\"@id\":\"https:\\\/\\\/incie.org\\\/latam\\\/business-education\\\/cursos-tecnicos\\\/diplomado-en-marketing-social-y-diseno-estrategico\\\/#breadcrumb\",\"itemListElement\":[{\"@type\":\"ListItem\",\"position\":1,\"name\":\"Home\",\"item\":\"https:\\\/\\\/incie.org\\\/latam\\\/\"},{\"@type\":\"ListItem\",\"position\":2,\"name\":\"Business Education\",\"item\":\"https:\\\/\\\/incie.org\\\/latam\\\/business-education\\\/\"},{\"@type\":\"ListItem\",\"position\":3,\"name\":\"Cursos T\u00e9cnicos\",\"item\":\"https:\\\/\\\/incie.org\\\/latam\\\/business-education\\\/cursos-tecnicos\\\/\"},{\"@type\":\"ListItem\",\"position\":4,\"name\":\"Diplomado en Marketing Social y Dise\u00f1o Estrat\u00e9gico\"}]},{\"@type\":\"WebSite\",\"@id\":\"https:\\\/\\\/incie.org\\\/latam\\\/#website\",\"url\":\"https:\\\/\\\/incie.org\\\/latam\\\/\",\"name\":\"Instituto para la competitividad, Innovaci\u00f3n y Desarrollo Empresarial\",\"description\":\"\",\"publisher\":{\"@id\":\"https:\\\/\\\/incie.org\\\/latam\\\/#organization\"},\"potentialAction\":[{\"@type\":\"SearchAction\",\"target\":{\"@type\":\"EntryPoint\",\"urlTemplate\":\"https:\\\/\\\/incie.org\\\/latam\\\/?s={search_term_string}\"},\"query-input\":{\"@type\":\"PropertyValueSpecification\",\"valueRequired\":true,\"valueName\":\"search_term_string\"}}],\"inLanguage\":\"es\"},{\"@type\":\"Organization\",\"@id\":\"https:\\\/\\\/incie.org\\\/latam\\\/#organization\",\"name\":\"Instituto para la competitividad, Innovaci\u00f3n y Desarrollo Empresarial\",\"url\":\"https:\\\/\\\/incie.org\\\/latam\\\/\",\"logo\":{\"@type\":\"ImageObject\",\"inLanguage\":\"es\",\"@id\":\"https:\\\/\\\/incie.org\\\/latam\\\/#\\\/schema\\\/logo\\\/image\\\/\",\"url\":\"https:\\\/\\\/i0.wp.com\\\/incie.org\\\/latam\\\/wp-content\\\/uploads\\\/2025\\\/12\\\/cropped-LOGOO-INCIE-AZUL-01-P.png?fit=185%2C45&ssl=1\",\"contentUrl\":\"https:\\\/\\\/i0.wp.com\\\/incie.org\\\/latam\\\/wp-content\\\/uploads\\\/2025\\\/12\\\/cropped-LOGOO-INCIE-AZUL-01-P.png?fit=185%2C45&ssl=1\",\"width\":185,\"height\":45,\"caption\":\"Instituto para la competitividad, Innovaci\u00f3n y Desarrollo Empresarial\"},\"image\":{\"@id\":\"https:\\\/\\\/incie.org\\\/latam\\\/#\\\/schema\\\/logo\\\/image\\\/\"}}]}<\/script>\n<!-- \/ Yoast SEO plugin. -->","yoast_head_json":{"title":"Diplomado en Marketing Social y Dise\u00f1o Estrat\u00e9gico - Instituto para la competitividad, Innovaci\u00f3n y Desarrollo Empresarial","robots":{"index":"index","follow":"follow","max-snippet":"max-snippet:-1","max-image-preview":"max-image-preview:large","max-video-preview":"max-video-preview:-1"},"canonical":"https:\/\/incie.org\/latam\/business-education\/cursos-tecnicos\/diplomado-en-marketing-social-y-diseno-estrategico\/","og_locale":"es_ES","og_type":"article","og_title":"Diplomado en Marketing Social y Dise\u00f1o Estrat\u00e9gico - Instituto para la competitividad, Innovaci\u00f3n y Desarrollo Empresarial","og_description":"Cursos T\u00e9cnicos Especializados \u00ab Ver todos los cursos t\u00e9cnicos Diplomado\u2026","og_url":"https:\/\/incie.org\/latam\/business-education\/cursos-tecnicos\/diplomado-en-marketing-social-y-diseno-estrategico\/","og_site_name":"Instituto para la competitividad, Innovaci\u00f3n y Desarrollo Empresarial","article_modified_time":"2023-02-01T16:39:48+00:00","og_image":[{"url":"https:\/\/incie.org\/latam\/wp-content\/uploads\/2023\/01\/marketing-001-01.jpg","type":"","width":"","height":""}],"twitter_card":"summary_large_image","twitter_misc":{"Tiempo de lectura":"1 minuto"},"schema":{"@context":"https:\/\/schema.org","@graph":[{"@type":"WebPage","@id":"https:\/\/incie.org\/latam\/business-education\/cursos-tecnicos\/diplomado-en-marketing-social-y-diseno-estrategico\/","url":"https:\/\/incie.org\/latam\/business-education\/cursos-tecnicos\/diplomado-en-marketing-social-y-diseno-estrategico\/","name":"Diplomado en Marketing Social y Dise\u00f1o Estrat\u00e9gico - Instituto para la competitividad, Innovaci\u00f3n y Desarrollo Empresarial","isPartOf":{"@id":"https:\/\/incie.org\/latam\/#website"},"primaryImageOfPage":{"@id":"https:\/\/incie.org\/latam\/business-education\/cursos-tecnicos\/diplomado-en-marketing-social-y-diseno-estrategico\/#primaryimage"},"image":{"@id":"https:\/\/incie.org\/latam\/business-education\/cursos-tecnicos\/diplomado-en-marketing-social-y-diseno-estrategico\/#primaryimage"},"thumbnailUrl":"https:\/\/incie.org\/latam\/wp-content\/uploads\/2023\/01\/marketing-001-01.jpg","datePublished":"2023-01-31T15:07:40+00:00","dateModified":"2023-02-01T16:39:48+00:00","breadcrumb":{"@id":"https:\/\/incie.org\/latam\/business-education\/cursos-tecnicos\/diplomado-en-marketing-social-y-diseno-estrategico\/#breadcrumb"},"inLanguage":"es","potentialAction":[{"@type":"ReadAction","target":["https:\/\/incie.org\/latam\/business-education\/cursos-tecnicos\/diplomado-en-marketing-social-y-diseno-estrategico\/"]}]},{"@type":"ImageObject","inLanguage":"es","@id":"https:\/\/incie.org\/latam\/business-education\/cursos-tecnicos\/diplomado-en-marketing-social-y-diseno-estrategico\/#primaryimage","url":"https:\/\/i0.wp.com\/incie.org\/latam\/wp-content\/uploads\/2023\/01\/marketing-001-01.jpg?fit=660%2C200&ssl=1","contentUrl":"https:\/\/i0.wp.com\/incie.org\/latam\/wp-content\/uploads\/2023\/01\/marketing-001-01.jpg?fit=660%2C200&ssl=1","width":660,"height":200},{"@type":"BreadcrumbList","@id":"https:\/\/incie.org\/latam\/business-education\/cursos-tecnicos\/diplomado-en-marketing-social-y-diseno-estrategico\/#breadcrumb","itemListElement":[{"@type":"ListItem","position":1,"name":"Home","item":"https:\/\/incie.org\/latam\/"},{"@type":"ListItem","position":2,"name":"Business Education","item":"https:\/\/incie.org\/latam\/business-education\/"},{"@type":"ListItem","position":3,"name":"Cursos T\u00e9cnicos","item":"https:\/\/incie.org\/latam\/business-education\/cursos-tecnicos\/"},{"@type":"ListItem","position":4,"name":"Diplomado en Marketing Social y Dise\u00f1o Estrat\u00e9gico"}]},{"@type":"WebSite","@id":"https:\/\/incie.org\/latam\/#website","url":"https:\/\/incie.org\/latam\/","name":"Instituto para la competitividad, Innovaci\u00f3n y Desarrollo Empresarial","description":"","publisher":{"@id":"https:\/\/incie.org\/latam\/#organization"},"potentialAction":[{"@type":"SearchAction","target":{"@type":"EntryPoint","urlTemplate":"https:\/\/incie.org\/latam\/?s={search_term_string}"},"query-input":{"@type":"PropertyValueSpecification","valueRequired":true,"valueName":"search_term_string"}}],"inLanguage":"es"},{"@type":"Organization","@id":"https:\/\/incie.org\/latam\/#organization","name":"Instituto para la competitividad, Innovaci\u00f3n y Desarrollo Empresarial","url":"https:\/\/incie.org\/latam\/","logo":{"@type":"ImageObject","inLanguage":"es","@id":"https:\/\/incie.org\/latam\/#\/schema\/logo\/image\/","url":"https:\/\/i0.wp.com\/incie.org\/latam\/wp-content\/uploads\/2025\/12\/cropped-LOGOO-INCIE-AZUL-01-P.png?fit=185%2C45&ssl=1","contentUrl":"https:\/\/i0.wp.com\/incie.org\/latam\/wp-content\/uploads\/2025\/12\/cropped-LOGOO-INCIE-AZUL-01-P.png?fit=185%2C45&ssl=1","width":185,"height":45,"caption":"Instituto para la competitividad, Innovaci\u00f3n y Desarrollo Empresarial"},"image":{"@id":"https:\/\/incie.org\/latam\/#\/schema\/logo\/image\/"}}]}},"jetpack_sharing_enabled":true,"_links":{"self":[{"href":"https:\/\/incie.org\/latam\/wp-json\/wp\/v2\/pages\/1651","targetHints":{"allow":["GET"]}}],"collection":[{"href":"https:\/\/incie.org\/latam\/wp-json\/wp\/v2\/pages"}],"about":[{"href":"https:\/\/incie.org\/latam\/wp-json\/wp\/v2\/types\/page"}],"author":[{"embeddable":true,"href":"https:\/\/incie.org\/latam\/wp-json\/wp\/v2\/users\/1"}],"replies":[{"embeddable":true,"href":"https:\/\/incie.org\/latam\/wp-json\/wp\/v2\/comments?post=1651"}],"version-history":[{"count":5,"href":"https:\/\/incie.org\/latam\/wp-json\/wp\/v2\/pages\/1651\/revisions"}],"predecessor-version":[{"id":1676,"href":"https:\/\/incie.org\/latam\/wp-json\/wp\/v2\/pages\/1651\/revisions\/1676"}],"up":[{"embeddable":true,"href":"https:\/\/incie.org\/latam\/wp-json\/wp\/v2\/pages\/1239"}],"wp:attachment":[{"href":"https:\/\/incie.org\/latam\/wp-json\/wp\/v2\/media?parent=1651"}],"curies":[{"name":"wp","href":"https:\/\/api.w.org\/{rel}","templated":true}]}}